{"id":2119,"date":"2024-03-07T14:15:47","date_gmt":"2024-03-07T14:15:47","guid":{"rendered":"https:\/\/borgerforeningen.asaplive.dk\/?page_id=2119"},"modified":"2025-08-21T10:01:20","modified_gmt":"2025-08-21T10:01:20","slug":"bestyrelsen","status":"publish","type":"page","link":"https:\/\/borgerforeningen.asaplive.dk\/?page_id=2119","title":{"rendered":"Bestyrelsen"},"content":{"rendered":"\t\t<div data-elementor-type=\"wp-page\" data-elementor-id=\"2119\" class=\"elementor elementor-2119\" data-elementor-post-type=\"page\">\n\t\t\t\t\t\t<section class=\"elementor-section elementor-top-section elementor-element elementor-element-232e9dde elementor-section-full_width elementor-section-height-min-height elementor-section-height-default elementor-section-items-middle\" data-id=\"232e9dde\" data-element_type=\"section\" data-settings=\"{&quot;background_background&quot;:&quot;classic&quot;}\">\n\t\t\t\t\t\t<div class=\"elementor-container elementor-column-gap-default\">\n\t\t\t\t\t<div class=\"elementor-column elementor-col-100 elementor-top-column elementor-element elementor-element-68b232c4\" data-id=\"68b232c4\" data-element_type=\"column\">\n\t\t\t<div class=\"elementor-widget-wrap elementor-element-populated\">\n\t\t\t\t\t\t<div class=\"elementor-element elementor-element-43caeb3f elementor-widget elementor-widget-spacer\" data-id=\"43caeb3f\" data-element_type=\"widget\" data-widget_type=\"spacer.default\">\n\t\t\t\t<div class=\"elementor-widget-container\">\n\t\t\t\t\t<div class=\"elementor-spacer\">\n\t\t\t<div class=\"elementor-spacer-inner\"><\/div>\n\t\t<\/div>\n\t\t\t\t<\/div>\n\t\t\t\t<\/div>\n\t\t\t\t\t<\/div>\n\t\t<\/div>\n\t\t\t\t\t<\/div>\n\t\t<\/section>\n\t\t\t\t<section class=\"elementor-section elementor-top-section elementor-element elementor-element-4707b5e6 elementor-section-full_width elementor-section-stretched elementor-section-height-default elementor-section-height-default\" data-id=\"4707b5e6\" data-element_type=\"section\" data-settings=\"{&quot;stretch_section&quot;:&quot;section-stretched&quot;}\">\n\t\t\t\t\t\t<div class=\"elementor-container elementor-column-gap-default\">\n\t\t\t\t\t<div class=\"elementor-column elementor-col-25 elementor-top-column elementor-element elementor-element-3047de7\" data-id=\"3047de7\" data-element_type=\"column\" data-settings=\"{&quot;background_background&quot;:&quot;classic&quot;}\">\n\t\t\t<div class=\"elementor-widget-wrap\">\n\t\t\t\t\t\t\t<\/div>\n\t\t<\/div>\n\t\t\t\t<div class=\"elementor-column elementor-col-50 elementor-top-column elementor-element elementor-element-2986f4dc\" data-id=\"2986f4dc\" data-element_type=\"column\" data-settings=\"{&quot;background_background&quot;:&quot;classic&quot;}\">\n\t\t\t<div class=\"elementor-widget-wrap elementor-element-populated\">\n\t\t\t\t\t\t<div class=\"elementor-element elementor-element-7e08f35a elementor-widget-tablet__width-initial elementor-widget elementor-widget-heading\" data-id=\"7e08f35a\" data-element_type=\"widget\" data-widget_type=\"heading.default\">\n\t\t\t\t<div class=\"elementor-widget-container\">\n\t\t\t<h1 class=\"elementor-heading-title elementor-size-default\">Bestyrelsen<\/h1>\t\t<\/div>\n\t\t\t\t<\/div>\n\t\t\t\t<div class=\"elementor-element elementor-element-7aa551a elementor-widget elementor-widget-text-editor\" data-id=\"7aa551a\" data-element_type=\"widget\" data-widget_type=\"text-editor.default\">\n\t\t\t\t<div class=\"elementor-widget-container\">\n\t\t\t\t\t\t\t<p><strong>Formand<br \/><\/strong>Sille Haahr-Aasmul<\/p><p><strong>N\u00e6stformand<br \/><\/strong>Stine Rohde Frederiksen<\/p><p><strong>Kasserer<br \/><\/strong>Lonni Kronborg<\/p><p><strong>Bestyrelsesmedlemmer<\/strong><\/p><p>Birgitte Glerup<\/p><p>Mike Olsen<\/p><p>Nicolai Kl\u00f8cker<\/p><p>Nis H\u00f8yrup Christensen<\/p><p>S\u00f8ren Christian Astrup Skov<\/p><p>Thomas Perez-Pape<\/p>\t\t\t\t\t\t<\/div>\n\t\t\t\t<\/div>\n\t\t\t\t\t<\/div>\n\t\t<\/div>\n\t\t\t\t<div class=\"elementor-column elementor-col-25 elementor-top-column elementor-element elementor-element-44462966\" data-id=\"44462966\" data-element_type=\"column\" data-settings=\"{&quot;background_background&quot;:&quot;classic&quot;}\">\n\t\t\t<div class=\"elementor-widget-wrap elementor-element-populated\">\n\t\t\t\t\t\t\t<\/div>\n\t\t<\/div>\n\t\t\t\t\t<\/div>\n\t\t<\/section>\n\t\t\t\t<section class=\"elementor-section elementor-top-section elementor-element elementor-element-28f9e27c elementor-section-boxed elementor-section-height-default elementor-section-height-default\" data-id=\"28f9e27c\" data-element_type=\"section\">\n\t\t\t\t\t\t<div class=\"elementor-container elementor-column-gap-default\">\n\t\t\t\t\t<div class=\"elementor-column elementor-col-50 elementor-top-column elementor-element elementor-element-1bce7b6f\" data-id=\"1bce7b6f\" data-element_type=\"column\">\n\t\t\t<div class=\"elementor-widget-wrap\">\n\t\t\t\t\t\t\t<\/div>\n\t\t<\/div>\n\t\t\t\t<div class=\"elementor-column elementor-col-50 elementor-top-column elementor-element elementor-element-2d712256\" data-id=\"2d712256\" data-element_type=\"column\" data-settings=\"{&quot;background_background&quot;:&quot;classic&quot;}\">\n\t\t\t<div class=\"elementor-widget-wrap elementor-element-populated\">\n\t\t\t\t\t\t<div class=\"elementor-element elementor-element-113ead9 elementor-widget elementor-widget-heading\" data-id=\"113ead9\" data-element_type=\"widget\" data-widget_type=\"heading.default\">\n\t\t\t\t<div class=\"elementor-widget-container\">\n\t\t\t<h2 class=\"elementor-heading-title elementor-size-default\">Vedt\u00e6gter<\/h2>\t\t<\/div>\n\t\t\t\t<\/div>\n\t\t\t\t<div class=\"elementor-element elementor-element-7d3f056e elementor-widget__width-initial elementor-widget elementor-widget-toggle\" data-id=\"7d3f056e\" data-element_type=\"widget\" data-widget_type=\"toggle.default\">\n\t\t\t\t<div class=\"elementor-widget-container\">\n\t\t\t\t\t<div class=\"elementor-toggle\">\n\t\t\t\t\t\t\t<div class=\"elementor-toggle-item\">\n\t\t\t\t\t<div id=\"elementor-tab-title-2101\" class=\"elementor-tab-title\" data-tab=\"1\" role=\"button\" aria-controls=\"elementor-tab-content-2101\" aria-expanded=\"false\">\n\t\t\t\t\t\t\t\t\t\t\t\t<span class=\"elementor-toggle-icon elementor-toggle-icon-right\" aria-hidden=\"true\">\n\t\t\t\t\t\t\t\t\t\t\t\t\t\t\t<span class=\"elementor-toggle-icon-closed\"><i class=\"lnr lnr-arrow-right\"><\/i><\/span>\n\t\t\t\t\t\t\t\t<span class=\"elementor-toggle-icon-opened\"><i class=\"elementor-toggle-icon-opened lnr lnr-arrow-down\"><\/i><\/span>\n\t\t\t\t\t\t\t\t\t\t\t\t\t<\/span>\n\t\t\t\t\t\t\t\t\t\t\t\t<a class=\"elementor-toggle-title\" tabindex=\"0\">\u00a7 1. Navn og hjemsted<\/a>\n\t\t\t\t\t<\/div>\n\n\t\t\t\t\t<div id=\"elementor-tab-content-2101\" class=\"elementor-tab-content elementor-clearfix\" data-tab=\"1\" role=\"region\" aria-labelledby=\"elementor-tab-title-2101\"><p>Stk. 1. Foreningens navn er: \u201dBorgerforeningen for Lille Skensved, H\u00f8jelse og omegn\u201d<br \/>Stk. 2. Foreningens hjemsted er K\u00f8ge kommune.<\/p><\/div>\n\t\t\t\t<\/div>\n\t\t\t\t\t\t\t<div class=\"elementor-toggle-item\">\n\t\t\t\t\t<div id=\"elementor-tab-title-2102\" class=\"elementor-tab-title\" data-tab=\"2\" role=\"button\" aria-controls=\"elementor-tab-content-2102\" aria-expanded=\"false\">\n\t\t\t\t\t\t\t\t\t\t\t\t<span class=\"elementor-toggle-icon elementor-toggle-icon-right\" aria-hidden=\"true\">\n\t\t\t\t\t\t\t\t\t\t\t\t\t\t\t<span class=\"elementor-toggle-icon-closed\"><i class=\"lnr lnr-arrow-right\"><\/i><\/span>\n\t\t\t\t\t\t\t\t<span class=\"elementor-toggle-icon-opened\"><i class=\"elementor-toggle-icon-opened lnr lnr-arrow-down\"><\/i><\/span>\n\t\t\t\t\t\t\t\t\t\t\t\t\t<\/span>\n\t\t\t\t\t\t\t\t\t\t\t\t<a class=\"elementor-toggle-title\" tabindex=\"0\">\u00a7 2. Form\u00e5l<\/a>\n\t\t\t\t\t<\/div>\n\n\t\t\t\t\t<div id=\"elementor-tab-content-2102\" class=\"elementor-tab-content elementor-clearfix\" data-tab=\"2\" role=\"region\" aria-labelledby=\"elementor-tab-title-2102\"><p>Stk. 1. Foreningens form\u00e5l er at v\u00e6re et lokalt taler\u00f8r for Lille Skensved, H\u00f8jelse og omegn samt at at arbejde for et \u00f8get fokus p\u00e5 v\u00e6kst i K\u00f8ge Nord med det form\u00e5l at tiltr\u00e6kke og fastholde borgere og b\u00f8rnefamilier.<br \/>Stk. 2. Foreningen vil bl.a. fors\u00f8ge at opn\u00e5r dette form\u00e5l gennem:<\/p><ul><li>at s\u00f8ge maksimal indflydelse p\u00e5 alle centrale beslutninger vedr\u00f8rende vores n\u00e6rmilj\u00f8 og fremsende vores egne udspil for at skabe en b\u00e6redygtig udvikling i omr\u00e5det.<\/li><li>at skabe og udbygge en god dialog med de lokale politikere.<\/li><li>at bruge vores brede ber\u00f8ringsflade til opsamling af ideer og nye tiltag, der evt. kan bringes videre til andre.<\/li><li>at medvirke til styrkelse og inspiration af det arbejde, der foreg\u00e5r i forvejen.<\/li><li>at koordinere s\u00e5 div. arrangementer ikke kolliderer med hinanden.<\/li><li>at p\u00e5tage os opgaver, der ikke automatisk indg\u00e5r andre steder.<\/li><li>at st\u00e5 for enkelte arrangementer, der kan medvirke til at \u00f8ge samh\u00f8righedsf\u00f8lelsen i omr\u00e5det.<\/li><\/ul><\/div>\n\t\t\t\t<\/div>\n\t\t\t\t\t\t\t<div class=\"elementor-toggle-item\">\n\t\t\t\t\t<div id=\"elementor-tab-title-2103\" class=\"elementor-tab-title\" data-tab=\"3\" role=\"button\" aria-controls=\"elementor-tab-content-2103\" aria-expanded=\"false\">\n\t\t\t\t\t\t\t\t\t\t\t\t<span class=\"elementor-toggle-icon elementor-toggle-icon-right\" aria-hidden=\"true\">\n\t\t\t\t\t\t\t\t\t\t\t\t\t\t\t<span class=\"elementor-toggle-icon-closed\"><i class=\"lnr lnr-arrow-right\"><\/i><\/span>\n\t\t\t\t\t\t\t\t<span class=\"elementor-toggle-icon-opened\"><i class=\"elementor-toggle-icon-opened lnr lnr-arrow-down\"><\/i><\/span>\n\t\t\t\t\t\t\t\t\t\t\t\t\t<\/span>\n\t\t\t\t\t\t\t\t\t\t\t\t<a class=\"elementor-toggle-title\" tabindex=\"0\">\u00a7 3. Medlemskreds<\/a>\n\t\t\t\t\t<\/div>\n\n\t\t\t\t\t<div id=\"elementor-tab-content-2103\" class=\"elementor-tab-content elementor-clearfix\" data-tab=\"3\" role=\"region\" aria-labelledby=\"elementor-tab-title-2103\"><p>Stk. 1. Som medlemmer optages enhver privatperson eller erhvervsdrivende, som kan st\u00f8tte foreningens form\u00e5l.<br \/>Stk. 2. Indmeldelse sker ved indbetaling af foreningens kontingent. Medlemskabet er f\u00f8rst gyldigt, n\u00e5r medlemmet har betalt kontingent for det givne \u00e5r.<br \/>Stk. 3. Udmeldelse kan ske ved henvendelse til kassereren med virkning fra udgangen af et regnskabs\u00e5r.<br \/>Stk. 4. Medlemmerne betaler et, af generalforsamlingen fastsat, kontingent. Kontingentet opkr\u00e6ves forud for hvert regnskabs\u00e5r.<\/p><\/div>\n\t\t\t\t<\/div>\n\t\t\t\t\t\t\t<div class=\"elementor-toggle-item\">\n\t\t\t\t\t<div id=\"elementor-tab-title-2104\" class=\"elementor-tab-title\" data-tab=\"4\" role=\"button\" aria-controls=\"elementor-tab-content-2104\" aria-expanded=\"false\">\n\t\t\t\t\t\t\t\t\t\t\t\t<span class=\"elementor-toggle-icon elementor-toggle-icon-right\" aria-hidden=\"true\">\n\t\t\t\t\t\t\t\t\t\t\t\t\t\t\t<span class=\"elementor-toggle-icon-closed\"><i class=\"lnr lnr-arrow-right\"><\/i><\/span>\n\t\t\t\t\t\t\t\t<span class=\"elementor-toggle-icon-opened\"><i class=\"elementor-toggle-icon-opened lnr lnr-arrow-down\"><\/i><\/span>\n\t\t\t\t\t\t\t\t\t\t\t\t\t<\/span>\n\t\t\t\t\t\t\t\t\t\t\t\t<a class=\"elementor-toggle-title\" tabindex=\"0\">\u00a7 4. Generalforsamlingen<\/a>\n\t\t\t\t\t<\/div>\n\n\t\t\t\t\t<div id=\"elementor-tab-content-2104\" class=\"elementor-tab-content elementor-clearfix\" data-tab=\"4\" role=\"region\" aria-labelledby=\"elementor-tab-title-2104\"><p>Stk. 1. Generalforsamlingen er foreningens h\u00f8jeste myndighed.<br \/>Stk. 2. Ordin\u00e6r generalforsamling afholdes en gang \u00e5rligt i April m\u00e5ned og indkaldes med mindst to ugers varsel, med angivelse af dagsorden, ved udsendelse via foreningens elektroniske kommunikationskanaler.<br \/>Stk. 3. M\u00f8de- og stemmeberettigede p\u00e5 generalforsamlingen er alle medlemmer, der senest ugedagen forinden, har betalt forefaldent kontingent. Der kan ikke stemmes ved fuldmagt.<br \/>Stk. 4. Dagsordenen for den ordin\u00e6re generalforsamling skal mindst indeholde f\u00f8lgende punkter:<\/p><ol><li>Valg af stemmet\u00e6llere<\/li><li>Valg af dirigent<\/li><li>Formandens beretning<\/li><li>Regnskabsafl\u00e6ggelse<\/li><li>Behandling af indkomne forslag<\/li><li>Fasts\u00e6ttelse af kontingent for det efterf\u00f8lgende \u00e5r<\/li><li>Godkendelse af budget for indev\u00e6rende \u00e5r<\/li><li>Valg af formand<\/li><li>Valg af n\u00e6stformand<\/li><li>Valg af mindst 3 bestyrelsesmedlemmer<\/li><li>\u00a0Valg af 2 revisorer og en revisorsuppleant<\/li><li>Eventuelt<\/li><\/ol><p><br \/>Stk. 5. Forslag, der \u00f8nskes behandlet p\u00e5 generalforsamlingen, skal v\u00e6re bestyrelsen i h\u00e6nde senest 8 dage f\u00f8r generalforsamlingen. Forslag om vedt\u00e6gts\u00e6ndringer, der \u00f8nskes behandlet, skal v\u00e6re bestyrelsen i h\u00e6nde senest d. 10. Marts.<br \/>Stk. 6. Generalforsamlingen ledes af en dirigent<br \/>Stk. 7. Generalforsamlingen tr\u00e6ffer sine beslutninger med simpelt flertal (en over halvdelen af de gyldigt afgivne stemmer) og ved h\u00e5ndsopr\u00e6kning. Skriftlig afstemning anvendes dog, n\u00e5r det beg\u00e6res af blot en m\u00f8dedeltager. Ved personvalg, hvor der er foresl\u00e5et flere end det antal, der skal v\u00e6lges, foretages altid skriftlig afstemning. Ved s\u00e5danne personvalg anvendes reglen om simpelt flertal.<\/p><\/div>\n\t\t\t\t<\/div>\n\t\t\t\t\t\t\t<div class=\"elementor-toggle-item\">\n\t\t\t\t\t<div id=\"elementor-tab-title-2105\" class=\"elementor-tab-title\" data-tab=\"5\" role=\"button\" aria-controls=\"elementor-tab-content-2105\" aria-expanded=\"false\">\n\t\t\t\t\t\t\t\t\t\t\t\t<span class=\"elementor-toggle-icon elementor-toggle-icon-right\" aria-hidden=\"true\">\n\t\t\t\t\t\t\t\t\t\t\t\t\t\t\t<span class=\"elementor-toggle-icon-closed\"><i class=\"lnr lnr-arrow-right\"><\/i><\/span>\n\t\t\t\t\t\t\t\t<span class=\"elementor-toggle-icon-opened\"><i class=\"elementor-toggle-icon-opened lnr lnr-arrow-down\"><\/i><\/span>\n\t\t\t\t\t\t\t\t\t\t\t\t\t<\/span>\n\t\t\t\t\t\t\t\t\t\t\t\t<a class=\"elementor-toggle-title\" tabindex=\"0\">\u00a7 5. Ekstraordin\u00e6r generalforsamling<\/a>\n\t\t\t\t\t<\/div>\n\n\t\t\t\t\t<div id=\"elementor-tab-content-2105\" class=\"elementor-tab-content elementor-clearfix\" data-tab=\"5\" role=\"region\" aria-labelledby=\"elementor-tab-title-2105\"><p>Stk. 1. Ekstraordin\u00e6r generalforsamling kan afholdes, n\u00e5r bestyrelsen finder det n\u00f8dvendigt, og skal afholdes, n\u00e5r mindst 1\/3 af foreningens medlemmer frems\u00e6tter skriftligt begrundet anmodning om herom til formanden. I s\u00e5danne tilf\u00e6lde skal generalforsamlingen afholdes senest fire uger efter, at anmodningen er kommet til formandens kendskab.<br \/>Stk. 2. Indkaldelsesfristen for en ekstraordin\u00e6r generalforsamling er to uger.<\/p><\/div>\n\t\t\t\t<\/div>\n\t\t\t\t\t\t\t<div class=\"elementor-toggle-item\">\n\t\t\t\t\t<div id=\"elementor-tab-title-2106\" class=\"elementor-tab-title\" data-tab=\"6\" role=\"button\" aria-controls=\"elementor-tab-content-2106\" aria-expanded=\"false\">\n\t\t\t\t\t\t\t\t\t\t\t\t<span class=\"elementor-toggle-icon elementor-toggle-icon-right\" aria-hidden=\"true\">\n\t\t\t\t\t\t\t\t\t\t\t\t\t\t\t<span class=\"elementor-toggle-icon-closed\"><i class=\"lnr lnr-arrow-right\"><\/i><\/span>\n\t\t\t\t\t\t\t\t<span class=\"elementor-toggle-icon-opened\"><i class=\"elementor-toggle-icon-opened lnr lnr-arrow-down\"><\/i><\/span>\n\t\t\t\t\t\t\t\t\t\t\t\t\t<\/span>\n\t\t\t\t\t\t\t\t\t\t\t\t<a class=\"elementor-toggle-title\" tabindex=\"0\">\u00a7 6. Foreningens daglige ledelse<\/a>\n\t\t\t\t\t<\/div>\n\n\t\t\t\t\t<div id=\"elementor-tab-content-2106\" class=\"elementor-tab-content elementor-clearfix\" data-tab=\"6\" role=\"region\" aria-labelledby=\"elementor-tab-title-2106\"><p>Stk. 1. Foreningens daglige ledelse udg\u00f8res af bestyrelsen, der foruden formanden og n\u00e6stformand best\u00e5r af mindst 3 bestyrelsesmedlemmer. Der er ingen \u00f8vre gr\u00e6nse p\u00e5 antallet af medlemmer i bestyrelsen s\u00e5 alle medlemmer af foreningen, der \u00f8nsker valg p\u00e5 generalforsamlingen, bliver valgt til bestyrelsen. Bestyrelsen v\u00e6lges af generalforsamlingen for en et\u00e5rig periode.<br \/>Stk. 2. Bestyrelsen leder foreningen i overensstemmelse med de g\u00e6ldende vedt\u00e6gter og generalforsamlingens beslutninger.<br \/>Stk. 3. Senest 14 dage efter nyvalg til bestyrelsen afholdes konstituerende m\u00f8de, hvor bestyrelsen af og blandt sine medlemmer, v\u00e6lger kasserer og sekret\u00e6r. Alle tillidsposter g\u00e6lder frem til n\u00e6ste generalforsamling.<br \/>Stk. 4. Bestyrelsen tr\u00e6ffer beslutninger ved afstemning p\u00e5 bestyrelsesm\u00f8derne. Vedtagelse af en beslutning kr\u00e6ver at mindst 2\/3 af de fremm\u00f8dte bestyrelsesmedlemmer stemmer for forslaget. Der kan ikke stemmes ved fuldmagt.<br \/>Stk. 5. Bestyrelsen fasts\u00e6tter i \u00f8vrigt selv sin forretningsorden.<br \/>Stk. 6. Formanden &#8211; og i dennes frav\u00e6r n\u00e6stformanden &#8211; indkalder og leder bestyrelsens m\u00f8der. Indkaldelse sker skriftligt, med angivelse af dagsorden, n\u00e5r formanden sk\u00f8nner det n\u00f8dvendigt, eller n\u00e5r mindst tre medlemmer af bestyrelsen frems\u00e6tter \u00f8nske om det over for formanden. I s\u00e5danne tilf\u00e6lde afholdes m\u00f8det senest to uger efter anmodningen er kommet til formandens kendskab.<br \/>Stk. 7. Bestyrelsen er beslutningsdygtig, n\u00e5r mindst 3 bestyrelsesmedlemmer er til stede, i et fysisk eller elektronisk m\u00f8de, der er indkaldt med mindst 3 dages varsel.<\/p><\/div>\n\t\t\t\t<\/div>\n\t\t\t\t\t\t\t<div class=\"elementor-toggle-item\">\n\t\t\t\t\t<div id=\"elementor-tab-title-2107\" class=\"elementor-tab-title\" data-tab=\"7\" role=\"button\" aria-controls=\"elementor-tab-content-2107\" aria-expanded=\"false\">\n\t\t\t\t\t\t\t\t\t\t\t\t<span class=\"elementor-toggle-icon elementor-toggle-icon-right\" aria-hidden=\"true\">\n\t\t\t\t\t\t\t\t\t\t\t\t\t\t\t<span class=\"elementor-toggle-icon-closed\"><i class=\"lnr lnr-arrow-right\"><\/i><\/span>\n\t\t\t\t\t\t\t\t<span class=\"elementor-toggle-icon-opened\"><i class=\"elementor-toggle-icon-opened lnr lnr-arrow-down\"><\/i><\/span>\n\t\t\t\t\t\t\t\t\t\t\t\t\t<\/span>\n\t\t\t\t\t\t\t\t\t\t\t\t<a class=\"elementor-toggle-title\" tabindex=\"0\">\u00a7 7. Arbejdsgrupper<\/a>\n\t\t\t\t\t<\/div>\n\n\t\t\t\t\t<div id=\"elementor-tab-content-2107\" class=\"elementor-tab-content elementor-clearfix\" data-tab=\"7\" role=\"region\" aria-labelledby=\"elementor-tab-title-2107\"><p>Stk. 1. Bestyrelsen kan neds\u00e6tte arbejdsgrupper til varetagelse af konkrete opgaver.<br \/>Stk. 2. Alle foreningens medlemmer kan deltage i arbejdsgrupperne, og bestyrelsen inviterer bredt og \u00e5bent til deltagelse i de konkrete grupper n\u00e5r de oprettes.<br \/>Stk. 3. Bestyrelsen udpeger blandt bestyrelsesmedlemmerne en arbejdsgruppeformand. Arbejdsgruppeformanden leder arbejdsgruppens arbejde og s\u00f8rger for at give status p\u00e5 gruppens arbejde, til bestyrelsen.<br \/>Stk. 4. Arbejdsgrupperne kan ikke tr\u00e6ffe beslutninger eller handle p\u00e5 foreningens vegne uden et specifikt skriftligt mandat givet fra bestyrelsen.<\/p><\/div>\n\t\t\t\t<\/div>\n\t\t\t\t\t\t\t<div class=\"elementor-toggle-item\">\n\t\t\t\t\t<div id=\"elementor-tab-title-2108\" class=\"elementor-tab-title\" data-tab=\"8\" role=\"button\" aria-controls=\"elementor-tab-content-2108\" aria-expanded=\"false\">\n\t\t\t\t\t\t\t\t\t\t\t\t<span class=\"elementor-toggle-icon elementor-toggle-icon-right\" aria-hidden=\"true\">\n\t\t\t\t\t\t\t\t\t\t\t\t\t\t\t<span class=\"elementor-toggle-icon-closed\"><i class=\"lnr lnr-arrow-right\"><\/i><\/span>\n\t\t\t\t\t\t\t\t<span class=\"elementor-toggle-icon-opened\"><i class=\"elementor-toggle-icon-opened lnr lnr-arrow-down\"><\/i><\/span>\n\t\t\t\t\t\t\t\t\t\t\t\t\t<\/span>\n\t\t\t\t\t\t\t\t\t\t\t\t<a class=\"elementor-toggle-title\" tabindex=\"0\">\u00a7 8. \u00d8konomi, regnskab og revision<\/a>\n\t\t\t\t\t<\/div>\n\n\t\t\t\t\t<div id=\"elementor-tab-content-2108\" class=\"elementor-tab-content elementor-clearfix\" data-tab=\"8\" role=\"region\" aria-labelledby=\"elementor-tab-title-2108\"><p>Stk. 1. Foreningens regnskabs\u00e5r f\u00f8lger kalender\u00e5ret.<br \/>Stk. 2. Bestyrelsen er ansvarlig, over for generalforsamlingen for budget samt regnskab.<br \/>Stk. 3. Foreningens regnskab f\u00f8res af kassereren, der tillige f\u00f8rer foreningens medlemsregister.<br \/>Stk. 4. Regnskabet revideres af de p\u00e5 generalforsamlingen valgte revisorer. Revisorerne p\u00e5ser at regnskabet f\u00f8lger god regnskabsskik og er retvisende for foreningens aktiviteter og situation. Revisorerne skal ved gennemgangen af regnskabet give en udtalelse, omkring regnskabet, som freml\u00e6gges af bestyrelsen for generalforsamlingen.<\/p><\/div>\n\t\t\t\t<\/div>\n\t\t\t\t\t\t\t<div class=\"elementor-toggle-item\">\n\t\t\t\t\t<div id=\"elementor-tab-title-2109\" class=\"elementor-tab-title\" data-tab=\"9\" role=\"button\" aria-controls=\"elementor-tab-content-2109\" aria-expanded=\"false\">\n\t\t\t\t\t\t\t\t\t\t\t\t<span class=\"elementor-toggle-icon elementor-toggle-icon-right\" aria-hidden=\"true\">\n\t\t\t\t\t\t\t\t\t\t\t\t\t\t\t<span class=\"elementor-toggle-icon-closed\"><i class=\"lnr lnr-arrow-right\"><\/i><\/span>\n\t\t\t\t\t\t\t\t<span class=\"elementor-toggle-icon-opened\"><i class=\"elementor-toggle-icon-opened lnr lnr-arrow-down\"><\/i><\/span>\n\t\t\t\t\t\t\t\t\t\t\t\t\t<\/span>\n\t\t\t\t\t\t\t\t\t\t\t\t<a class=\"elementor-toggle-title\" tabindex=\"0\">\u00a7 9. Vedt\u00e6gts\u00e6ndringer<\/a>\n\t\t\t\t\t<\/div>\n\n\t\t\t\t\t<div id=\"elementor-tab-content-2109\" class=\"elementor-tab-content elementor-clearfix\" data-tab=\"9\" role=\"region\" aria-labelledby=\"elementor-tab-title-2109\"><p>Stk. 1. Disse vedt\u00e6gter kan kun \u00e6ndres med 2\/3 flertal p\u00e5 en generalforsamling, hvor \u00e6ndringsforslaget fremg\u00e5r af dagsordenen.<br \/>Stk. 2. Vedt\u00e6gts\u00e6ndringer tr\u00e6der i kraft med virkning fra den generalforsamling, de vedtages p\u00e5.<\/p><\/div>\n\t\t\t\t<\/div>\n\t\t\t\t\t\t\t<div class=\"elementor-toggle-item\">\n\t\t\t\t\t<div id=\"elementor-tab-title-21010\" class=\"elementor-tab-title\" data-tab=\"10\" role=\"button\" aria-controls=\"elementor-tab-content-21010\" aria-expanded=\"false\">\n\t\t\t\t\t\t\t\t\t\t\t\t<span class=\"elementor-toggle-icon elementor-toggle-icon-right\" aria-hidden=\"true\">\n\t\t\t\t\t\t\t\t\t\t\t\t\t\t\t<span class=\"elementor-toggle-icon-closed\"><i class=\"lnr lnr-arrow-right\"><\/i><\/span>\n\t\t\t\t\t\t\t\t<span class=\"elementor-toggle-icon-opened\"><i class=\"elementor-toggle-icon-opened lnr lnr-arrow-down\"><\/i><\/span>\n\t\t\t\t\t\t\t\t\t\t\t\t\t<\/span>\n\t\t\t\t\t\t\t\t\t\t\t\t<a class=\"elementor-toggle-title\" tabindex=\"0\">\u00a7 10. Opl\u00f8sning<\/a>\n\t\t\t\t\t<\/div>\n\n\t\t\t\t\t<div id=\"elementor-tab-content-21010\" class=\"elementor-tab-content elementor-clearfix\" data-tab=\"10\" role=\"region\" aria-labelledby=\"elementor-tab-title-21010\"><p>Stk. 1. Opl\u00f8sning af foreningen kan kun finde sted med 2\/3 flertal p\u00e5 to hinanden f\u00f8lgende, generalforsamlinger, hvoraf den ene skal v\u00e6re ordin\u00e6r.<br \/>Stk. 2. Ved opl\u00f8sning tilfalder foreningens aktiver en eller flere andre v\u00e6rdige foreninger i lokalomr\u00e5det efter den opl\u00f8sende generalforsamlings n\u00e6rmere bestemmelser.<\/p><\/div>\n\t\t\t\t<\/div>\n\t\t\t\t\t\t\t<div class=\"elementor-toggle-item\">\n\t\t\t\t\t<div id=\"elementor-tab-title-21011\" class=\"elementor-tab-title\" data-tab=\"11\" role=\"button\" aria-controls=\"elementor-tab-content-21011\" aria-expanded=\"false\">\n\t\t\t\t\t\t\t\t\t\t\t\t<span class=\"elementor-toggle-icon elementor-toggle-icon-right\" aria-hidden=\"true\">\n\t\t\t\t\t\t\t\t\t\t\t\t\t\t\t<span class=\"elementor-toggle-icon-closed\"><i class=\"lnr lnr-arrow-right\"><\/i><\/span>\n\t\t\t\t\t\t\t\t<span class=\"elementor-toggle-icon-opened\"><i class=\"elementor-toggle-icon-opened lnr lnr-arrow-down\"><\/i><\/span>\n\t\t\t\t\t\t\t\t\t\t\t\t\t<\/span>\n\t\t\t\t\t\t\t\t\t\t\t\t<a class=\"elementor-toggle-title\" tabindex=\"0\">\u00a7 11. Datering<\/a>\n\t\t\t\t\t<\/div>\n\n\t\t\t\t\t<div id=\"elementor-tab-content-21011\" class=\"elementor-tab-content elementor-clearfix\" data-tab=\"11\" role=\"region\" aria-labelledby=\"elementor-tab-title-21011\"><p>Stk. 1. S\u00e5ledes vedtaget p\u00e5 foreningens stiftende generalforsamling den 22\/10 2014.<\/p><\/div>\n\t\t\t\t<\/div>\n\t\t\t\t\t\t\t\t<\/div>\n\t\t\t\t<\/div>\n\t\t\t\t<\/div>\n\t\t\t\t\t<\/div>\n\t\t<\/div>\n\t\t\t\t\t<\/div>\n\t\t<\/section>\n\t\t\t\t<\/div>\n\t\t","protected":false},"excerpt":{"rendered":"<p>Bestyrelsen FormandSille Haahr-Aasmul N\u00e6stformandStine Rohde Frederiksen KassererLonni Kronborg Bestyrelsesmedlemmer Birgitte Glerup Mike Olsen Nicolai Kl\u00f8cker Nis H\u00f8yrup Christensen S\u00f8ren Christian Astrup Skov Thomas Perez-Pape Vedt\u00e6gter \u00a7 1. Navn og hjemsted Stk. 1. Foreningens navn er: \u201dBorgerforeningen for Lille Skensved, H\u00f8jelse og omegn\u201dStk. 2. Foreningens hjemsted er K\u00f8ge kommune. \u00a7 2. Form\u00e5l Stk. 1. Foreningens form\u00e5l [&hellip;]<\/p>\n","protected":false},"author":1,"featured_media":0,"parent":0,"menu_order":0,"comment_status":"closed","ping_status":"closed","template":"","meta":{"_acf_changed":false,"footnotes":""},"class_list":["post-2119","page","type-page","status-publish","hentry"],"acf":[],"_links":{"self":[{"href":"https:\/\/borgerforeningen.asaplive.dk\/index.php?rest_route=\/wp\/v2\/pages\/2119","targetHints":{"allow":["GET"]}}],"collection":[{"href":"https:\/\/borgerforeningen.asaplive.dk\/index.php?rest_route=\/wp\/v2\/pages"}],"about":[{"href":"https:\/\/borgerforeningen.asaplive.dk\/index.php?rest_route=\/wp\/v2\/types\/page"}],"author":[{"embeddable":true,"href":"https:\/\/borgerforeningen.asaplive.dk\/index.php?rest_route=\/wp\/v2\/users\/1"}],"replies":[{"embeddable":true,"href":"https:\/\/borgerforeningen.asaplive.dk\/index.php?rest_route=%2Fwp%2Fv2%2Fcomments&post=2119"}],"version-history":[{"count":40,"href":"https:\/\/borgerforeningen.asaplive.dk\/index.php?rest_route=\/wp\/v2\/pages\/2119\/revisions"}],"predecessor-version":[{"id":2645,"href":"https:\/\/borgerforeningen.asaplive.dk\/index.php?rest_route=\/wp\/v2\/pages\/2119\/revisions\/2645"}],"wp:attachment":[{"href":"https:\/\/borgerforeningen.asaplive.dk\/index.php?rest_route=%2Fwp%2Fv2%2Fmedia&parent=2119"}],"curies":[{"name":"wp","href":"https:\/\/api.w.org\/{rel}","templated":true}]}}